{"id":62,"date":"2021-02-20T16:21:56","date_gmt":"2021-02-20T15:21:56","guid":{"rendered":"https:\/\/le-6-espace-rencontre-et-initiatives.fr\/?post_type=tribe_events&#038;p=62"},"modified":"2021-03-20T19:16:31","modified_gmt":"2021-03-20T18:16:31","slug":"votez-pour-le-projet-de-toilettes-seches","status":"publish","type":"tribe_events","link":"https:\/\/le-6-espace-rencontre-et-initiatives.fr\/index.php\/event\/votez-pour-le-projet-de-toilettes-seches\/","title":{"rendered":"Votez pour le projet de toilettes s\u00e8ches au Cimeti\u00e8re de l&rsquo;Est"},"content":{"rendered":"\r\n\r\n\r\n<p>Le collectif Dignit\u00e9 Cimeti\u00e8re a d\u00e9pos\u00e9 <strong><a href=\"https:\/\/fabriquecitoyenne.rennes.fr\/projects\/budget-participatif-5\/collect\/depot-des-projets\/proposals\/creation-de-toilettes-en-haut-du-cimetiere-de-lest\" target=\"_blank\" rel=\"noopener\">un projet de toilettes s\u00e8ches<\/a><\/strong>.<\/p>\r\n<p>N&rsquo;oubliez pas de voter pour ce projet, entre le 2 et le 18 avril 2021, via <a href=\"https:\/\/fabriquecitoyenne.rennes.fr\" target=\"_blank\" rel=\"noopener\">le site de la Fabrique citoyenne<\/a> ou bien en vous rendant dans une mairie de quartier.<\/p>\r\n<p>Vous pouvez aussi t\u00e9l\u00e9charger <a href=\"\/wp-content\/uploads\/2021\/03\/TOILETTES9MARS.pdf\" target=\"_blank\" rel=\"noopener\">le tract pr\u00e9sentant le projet<\/a>, l&rsquo;imprimer et l&rsquo;afficher.<\/p>\r\n\r\n\r\n\r\n\r\n","protected":false},"excerpt":{"rendered":"<p>Le collectif Dignit\u00e9 Cimeti\u00e8re a d\u00e9pos\u00e9 un projet de toilettes s\u00e8ches. N&rsquo;oubliez pas de voter pour ce projet, entre le<\/p>\n","protected":false},"author":1,"featured_media":321,"template":"","meta":{"_monsterinsights_skip_tracking":false,"_monsterinsights_sitenote_active":false,"_monsterinsights_sitenote_note":"","_monsterinsights_sitenote_category":0,"ngg_post_thumbnail":0,"_tribe_events_status":"","_tribe_events_status_reason":"","footnotes":""},"tags":[],"tribe_events_cat":[7],"class_list":["post-62","tribe_events","type-tribe_events","status-publish","has-post-thumbnail","hentry","tribe_events_cat-collectif-dignite-cimetiere","cat_collectif-dignite-cimetiere","comments-off"],"yoast_head":"<!-- This site is optimized with the Yoast SEO plugin v27.5 - https:\/\/yoast.com\/product\/yoast-seo-wordpress\/ -->\n<title>Votez pour le projet de toilettes s\u00e8ches au Cimeti\u00e8re de l&#039;Est - Le 6 Espace Rencontre et Initiatives<\/title>\n<meta name=\"robots\" content=\"index, follow, max-snippet:-1, max-image-preview:large, max-video-preview:-1\" \/>\n<link rel=\"canonical\" href=\"https:\/\/le-6-espace-rencontre-et-initiatives.fr\/index.php\/event\/votez-pour-le-projet-de-toilettes-seches\/\" \/>\n<meta property=\"og:locale\" content=\"fr_FR\" \/>\n<meta property=\"og:type\" content=\"article\" \/>\n<meta property=\"og:title\" content=\"Votez pour le projet de toilettes s\u00e8ches au Cimeti\u00e8re de l&#039;Est - Le 6 Espace Rencontre et Initiatives\" \/>\n<meta property=\"og:description\" content=\"Le collectif Dignit\u00e9 Cimeti\u00e8re a d\u00e9pos\u00e9 un projet de toilettes s\u00e8ches. N&rsquo;oubliez pas de voter pour ce projet, entre le\" \/>\n<meta property=\"og:url\" content=\"https:\/\/le-6-espace-rencontre-et-initiatives.fr\/index.php\/event\/votez-pour-le-projet-de-toilettes-seches\/\" \/>\n<meta property=\"og:site_name\" content=\"Le 6 Espace Rencontre et Initiatives\" \/>\n<meta property=\"article:publisher\" content=\"https:\/\/www.facebook.com\/espacerencontrele6rennes\" \/>\n<meta property=\"article:modified_time\" content=\"2021-03-20T18:16:31+00:00\" \/>\n<meta property=\"og:image\" content=\"https:\/\/le-6-espace-rencontre-et-initiatives.fr\/wp-content\/uploads\/2021\/02\/Toilettes-seches-small-1.jpg\" \/>\n\t<meta property=\"og:image:width\" content=\"302\" \/>\n\t<meta property=\"og:image:height\" content=\"403\" \/>\n\t<meta property=\"og:image:type\" content=\"image\/jpeg\" \/>\n<meta name=\"twitter:card\" content=\"summary_large_image\" \/>\n<script type=\"application\/ld+json\" class=\"yoast-schema-graph\">{\"@context\":\"https:\\\/\\\/schema.org\",\"@graph\":[{\"@type\":\"WebPage\",\"@id\":\"https:\\\/\\\/le-6-espace-rencontre-et-initiatives.fr\\\/index.php\\\/event\\\/votez-pour-le-projet-de-toilettes-seches\\\/\",\"url\":\"https:\\\/\\\/le-6-espace-rencontre-et-initiatives.fr\\\/index.php\\\/event\\\/votez-pour-le-projet-de-toilettes-seches\\\/\",\"name\":\"Votez pour le projet de toilettes s\u00e8ches au Cimeti\u00e8re de l'Est - Le 6 Espace Rencontre et Initiatives\",\"isPartOf\":{\"@id\":\"https:\\\/\\\/le-6-espace-rencontre-et-initiatives.fr\\\/#website\"},\"primaryImageOfPage\":{\"@id\":\"https:\\\/\\\/le-6-espace-rencontre-et-initiatives.fr\\\/index.php\\\/event\\\/votez-pour-le-projet-de-toilettes-seches\\\/#primaryimage\"},\"image\":{\"@id\":\"https:\\\/\\\/le-6-espace-rencontre-et-initiatives.fr\\\/index.php\\\/event\\\/votez-pour-le-projet-de-toilettes-seches\\\/#primaryimage\"},\"thumbnailUrl\":\"https:\\\/\\\/le-6-espace-rencontre-et-initiatives.fr\\\/wp-content\\\/uploads\\\/2021\\\/02\\\/Toilettes-seches-small-1.jpg\",\"datePublished\":\"2021-02-20T15:21:56+00:00\",\"dateModified\":\"2021-03-20T18:16:31+00:00\",\"breadcrumb\":{\"@id\":\"https:\\\/\\\/le-6-espace-rencontre-et-initiatives.fr\\\/index.php\\\/event\\\/votez-pour-le-projet-de-toilettes-seches\\\/#breadcrumb\"},\"inLanguage\":\"fr-FR\",\"potentialAction\":[{\"@type\":\"ReadAction\",\"target\":[\"https:\\\/\\\/le-6-espace-rencontre-et-initiatives.fr\\\/index.php\\\/event\\\/votez-pour-le-projet-de-toilettes-seches\\\/\"]}]},{\"@type\":\"ImageObject\",\"inLanguage\":\"fr-FR\",\"@id\":\"https:\\\/\\\/le-6-espace-rencontre-et-initiatives.fr\\\/index.php\\\/event\\\/votez-pour-le-projet-de-toilettes-seches\\\/#primaryimage\",\"url\":\"https:\\\/\\\/le-6-espace-rencontre-et-initiatives.fr\\\/wp-content\\\/uploads\\\/2021\\\/02\\\/Toilettes-seches-small-1.jpg\",\"contentUrl\":\"https:\\\/\\\/le-6-espace-rencontre-et-initiatives.fr\\\/wp-content\\\/uploads\\\/2021\\\/02\\\/Toilettes-seches-small-1.jpg\",\"width\":302,\"height\":403},{\"@type\":\"BreadcrumbList\",\"@id\":\"https:\\\/\\\/le-6-espace-rencontre-et-initiatives.fr\\\/index.php\\\/event\\\/votez-pour-le-projet-de-toilettes-seches\\\/#breadcrumb\",\"itemListElement\":[{\"@type\":\"ListItem\",\"position\":1,\"name\":\"Accueil\",\"item\":\"https:\\\/\\\/le-6-espace-rencontre-et-initiatives.fr\\\/\"},{\"@type\":\"ListItem\",\"position\":2,\"name\":\"\u00c9v\u00e8nements\",\"item\":\"https:\\\/\\\/le-6-espace-rencontre-et-initiatives.fr\\\/index.php\\\/events\\\/\"},{\"@type\":\"ListItem\",\"position\":3,\"name\":\"Votez pour le projet de toilettes s\u00e8ches au Cimeti\u00e8re de l&rsquo;Est\"}]},{\"@type\":\"WebSite\",\"@id\":\"https:\\\/\\\/le-6-espace-rencontre-et-initiatives.fr\\\/#website\",\"url\":\"https:\\\/\\\/le-6-espace-rencontre-et-initiatives.fr\\\/\",\"name\":\"Le 6 Espace Rencontre et Initiatives\",\"description\":\"Ce site pr\u00e9sente une vue d&#039;ensemble de l&#039;histoire et des actions du &quot;6&quot; \u00e0 Rennes\",\"publisher\":{\"@id\":\"https:\\\/\\\/le-6-espace-rencontre-et-initiatives.fr\\\/#organization\"},\"potentialAction\":[{\"@type\":\"SearchAction\",\"target\":{\"@type\":\"EntryPoint\",\"urlTemplate\":\"https:\\\/\\\/le-6-espace-rencontre-et-initiatives.fr\\\/?s={search_term_string}\"},\"query-input\":{\"@type\":\"PropertyValueSpecification\",\"valueRequired\":true,\"valueName\":\"search_term_string\"}}],\"inLanguage\":\"fr-FR\"},{\"@type\":\"Organization\",\"@id\":\"https:\\\/\\\/le-6-espace-rencontre-et-initiatives.fr\\\/#organization\",\"name\":\"Les collectifs du 6\",\"url\":\"https:\\\/\\\/le-6-espace-rencontre-et-initiatives.fr\\\/\",\"logo\":{\"@type\":\"ImageObject\",\"inLanguage\":\"fr-FR\",\"@id\":\"https:\\\/\\\/le-6-espace-rencontre-et-initiatives.fr\\\/#\\\/schema\\\/logo\\\/image\\\/\",\"url\":\"https:\\\/\\\/le-6-espace-rencontre-et-initiatives.fr\\\/wp-content\\\/uploads\\\/2021\\\/01\\\/Logo-Collectifs-du-6.png\",\"contentUrl\":\"https:\\\/\\\/le-6-espace-rencontre-et-initiatives.fr\\\/wp-content\\\/uploads\\\/2021\\\/01\\\/Logo-Collectifs-du-6.png\",\"width\":336,\"height\":342,\"caption\":\"Les collectifs du 6\"},\"image\":{\"@id\":\"https:\\\/\\\/le-6-espace-rencontre-et-initiatives.fr\\\/#\\\/schema\\\/logo\\\/image\\\/\"},\"sameAs\":[\"https:\\\/\\\/www.facebook.com\\\/espacerencontrele6rennes\"]}]}<\/script>\n<!-- \/ Yoast SEO plugin. -->","yoast_head_json":{"title":"Votez pour le projet de toilettes s\u00e8ches au Cimeti\u00e8re de l'Est - Le 6 Espace Rencontre et Initiatives","robots":{"index":"index","follow":"follow","max-snippet":"max-snippet:-1","max-image-preview":"max-image-preview:large","max-video-preview":"max-video-preview:-1"},"canonical":"https:\/\/le-6-espace-rencontre-et-initiatives.fr\/index.php\/event\/votez-pour-le-projet-de-toilettes-seches\/","og_locale":"fr_FR","og_type":"article","og_title":"Votez pour le projet de toilettes s\u00e8ches au Cimeti\u00e8re de l'Est - Le 6 Espace Rencontre et Initiatives","og_description":"Le collectif Dignit\u00e9 Cimeti\u00e8re a d\u00e9pos\u00e9 un projet de toilettes s\u00e8ches. N&rsquo;oubliez pas de voter pour ce projet, entre le","og_url":"https:\/\/le-6-espace-rencontre-et-initiatives.fr\/index.php\/event\/votez-pour-le-projet-de-toilettes-seches\/","og_site_name":"Le 6 Espace Rencontre et Initiatives","article_publisher":"https:\/\/www.facebook.com\/espacerencontrele6rennes","article_modified_time":"2021-03-20T18:16:31+00:00","og_image":[{"width":302,"height":403,"url":"https:\/\/le-6-espace-rencontre-et-initiatives.fr\/wp-content\/uploads\/2021\/02\/Toilettes-seches-small-1.jpg","type":"image\/jpeg"}],"twitter_card":"summary_large_image","schema":{"@context":"https:\/\/schema.org","@graph":[{"@type":"WebPage","@id":"https:\/\/le-6-espace-rencontre-et-initiatives.fr\/index.php\/event\/votez-pour-le-projet-de-toilettes-seches\/","url":"https:\/\/le-6-espace-rencontre-et-initiatives.fr\/index.php\/event\/votez-pour-le-projet-de-toilettes-seches\/","name":"Votez pour le projet de toilettes s\u00e8ches au Cimeti\u00e8re de l'Est - Le 6 Espace Rencontre et Initiatives","isPartOf":{"@id":"https:\/\/le-6-espace-rencontre-et-initiatives.fr\/#website"},"primaryImageOfPage":{"@id":"https:\/\/le-6-espace-rencontre-et-initiatives.fr\/index.php\/event\/votez-pour-le-projet-de-toilettes-seches\/#primaryimage"},"image":{"@id":"https:\/\/le-6-espace-rencontre-et-initiatives.fr\/index.php\/event\/votez-pour-le-projet-de-toilettes-seches\/#primaryimage"},"thumbnailUrl":"https:\/\/le-6-espace-rencontre-et-initiatives.fr\/wp-content\/uploads\/2021\/02\/Toilettes-seches-small-1.jpg","datePublished":"2021-02-20T15:21:56+00:00","dateModified":"2021-03-20T18:16:31+00:00","breadcrumb":{"@id":"https:\/\/le-6-espace-rencontre-et-initiatives.fr\/index.php\/event\/votez-pour-le-projet-de-toilettes-seches\/#breadcrumb"},"inLanguage":"fr-FR","potentialAction":[{"@type":"ReadAction","target":["https:\/\/le-6-espace-rencontre-et-initiatives.fr\/index.php\/event\/votez-pour-le-projet-de-toilettes-seches\/"]}]},{"@type":"ImageObject","inLanguage":"fr-FR","@id":"https:\/\/le-6-espace-rencontre-et-initiatives.fr\/index.php\/event\/votez-pour-le-projet-de-toilettes-seches\/#primaryimage","url":"https:\/\/le-6-espace-rencontre-et-initiatives.fr\/wp-content\/uploads\/2021\/02\/Toilettes-seches-small-1.jpg","contentUrl":"https:\/\/le-6-espace-rencontre-et-initiatives.fr\/wp-content\/uploads\/2021\/02\/Toilettes-seches-small-1.jpg","width":302,"height":403},{"@type":"BreadcrumbList","@id":"https:\/\/le-6-espace-rencontre-et-initiatives.fr\/index.php\/event\/votez-pour-le-projet-de-toilettes-seches\/#breadcrumb","itemListElement":[{"@type":"ListItem","position":1,"name":"Accueil","item":"https:\/\/le-6-espace-rencontre-et-initiatives.fr\/"},{"@type":"ListItem","position":2,"name":"\u00c9v\u00e8nements","item":"https:\/\/le-6-espace-rencontre-et-initiatives.fr\/index.php\/events\/"},{"@type":"ListItem","position":3,"name":"Votez pour le projet de toilettes s\u00e8ches au Cimeti\u00e8re de l&rsquo;Est"}]},{"@type":"WebSite","@id":"https:\/\/le-6-espace-rencontre-et-initiatives.fr\/#website","url":"https:\/\/le-6-espace-rencontre-et-initiatives.fr\/","name":"Le 6 Espace Rencontre et Initiatives","description":"Ce site pr\u00e9sente une vue d&#039;ensemble de l&#039;histoire et des actions du &quot;6&quot; \u00e0 Rennes","publisher":{"@id":"https:\/\/le-6-espace-rencontre-et-initiatives.fr\/#organization"},"potentialAction":[{"@type":"SearchAction","target":{"@type":"EntryPoint","urlTemplate":"https:\/\/le-6-espace-rencontre-et-initiatives.fr\/?s={search_term_string}"},"query-input":{"@type":"PropertyValueSpecification","valueRequired":true,"valueName":"search_term_string"}}],"inLanguage":"fr-FR"},{"@type":"Organization","@id":"https:\/\/le-6-espace-rencontre-et-initiatives.fr\/#organization","name":"Les collectifs du 6","url":"https:\/\/le-6-espace-rencontre-et-initiatives.fr\/","logo":{"@type":"ImageObject","inLanguage":"fr-FR","@id":"https:\/\/le-6-espace-rencontre-et-initiatives.fr\/#\/schema\/logo\/image\/","url":"https:\/\/le-6-espace-rencontre-et-initiatives.fr\/wp-content\/uploads\/2021\/01\/Logo-Collectifs-du-6.png","contentUrl":"https:\/\/le-6-espace-rencontre-et-initiatives.fr\/wp-content\/uploads\/2021\/01\/Logo-Collectifs-du-6.png","width":336,"height":342,"caption":"Les collectifs du 6"},"image":{"@id":"https:\/\/le-6-espace-rencontre-et-initiatives.fr\/#\/schema\/logo\/image\/"},"sameAs":["https:\/\/www.facebook.com\/espacerencontrele6rennes"]}]}},"_links":{"self":[{"href":"https:\/\/le-6-espace-rencontre-et-initiatives.fr\/index.php\/wp-json\/wp\/v2\/tribe_events\/62","targetHints":{"allow":["GET"]}}],"collection":[{"href":"https:\/\/le-6-espace-rencontre-et-initiatives.fr\/index.php\/wp-json\/wp\/v2\/tribe_events"}],"about":[{"href":"https:\/\/le-6-espace-rencontre-et-initiatives.fr\/index.php\/wp-json\/wp\/v2\/types\/tribe_events"}],"author":[{"embeddable":true,"href":"https:\/\/le-6-espace-rencontre-et-initiatives.fr\/index.php\/wp-json\/wp\/v2\/users\/1"}],"version-history":[{"count":0,"href":"https:\/\/le-6-espace-rencontre-et-initiatives.fr\/index.php\/wp-json\/wp\/v2\/tribe_events\/62\/revisions"}],"wp:featuredmedia":[{"embeddable":true,"href":"https:\/\/le-6-espace-rencontre-et-initiatives.fr\/index.php\/wp-json\/wp\/v2\/media\/321"}],"wp:attachment":[{"href":"https:\/\/le-6-espace-rencontre-et-initiatives.fr\/index.php\/wp-json\/wp\/v2\/media?parent=62"}],"wp:term":[{"taxonomy":"post_tag","embeddable":true,"href":"https:\/\/le-6-espace-rencontre-et-initiatives.fr\/index.php\/wp-json\/wp\/v2\/tags?post=62"},{"taxonomy":"tribe_events_cat","embeddable":true,"href":"https:\/\/le-6-espace-rencontre-et-initiatives.fr\/index.php\/wp-json\/wp\/v2\/tribe_events_cat?post=62"}],"curies":[{"name":"wp","href":"https:\/\/api.w.org\/{rel}","templated":true}]}}