{"id":232,"date":"2021-03-09T17:31:50","date_gmt":"2021-03-09T16:31:50","guid":{"rendered":"https:\/\/le-6-espace-rencontre-et-initiatives.fr\/?page_id=232"},"modified":"2023-03-28T20:49:03","modified_gmt":"2023-03-28T18:49:03","slug":"source-vive","status":"publish","type":"page","link":"https:\/\/le-6-espace-rencontre-et-initiatives.fr\/index.php\/source-vive\/","title":{"rendered":"Source vive"},"content":{"rendered":"<div class=\"wp-block-image\">\n<figure class=\"aligncenter size-large is-resized\"><img loading=\"lazy\" decoding=\"async\" src=\"https:\/\/le-6-espace-rencontre-et-initiatives.fr\/wp-content\/uploads\/2021\/03\/Source-Vive-bandeau-1024x411.jpg\" alt=\"\" class=\"wp-image-290\" width=\"709\" height=\"284\" srcset=\"https:\/\/le-6-espace-rencontre-et-initiatives.fr\/wp-content\/uploads\/2021\/03\/Source-Vive-bandeau-1024x411.jpg 1024w, https:\/\/le-6-espace-rencontre-et-initiatives.fr\/wp-content\/uploads\/2021\/03\/Source-Vive-bandeau-300x120.jpg 300w, https:\/\/le-6-espace-rencontre-et-initiatives.fr\/wp-content\/uploads\/2021\/03\/Source-Vive-bandeau-768x308.jpg 768w, https:\/\/le-6-espace-rencontre-et-initiatives.fr\/wp-content\/uploads\/2021\/03\/Source-Vive-bandeau-604x242.jpg 604w, https:\/\/le-6-espace-rencontre-et-initiatives.fr\/wp-content\/uploads\/2021\/03\/Source-Vive-bandeau.jpg 1530w\" sizes=\"auto, (max-width: 709px) 100vw, 709px\" \/><\/figure>\n<\/div>\n\n\n<h2 class=\"wp-block-heading\">Les origines<\/h2>\n\n\n\n<p>Source vive a ses origines en 1982. Yvon \u00e9tait \u00e0 la rue et nous avait demand\u00e9 pour prier&nbsp; ensemble.<\/p>\n\n\n\n<p>C\u2019est ainsi que nous avons commenc\u00e9 \u00e0 nous retrouver \u00e0 quelques uns chaque dimanche matin dans une salle au 14, Bd de Ch\u00e9zy \u00e0 Rennes dans un local appartenant \u00e0 la paroisse Saint \u00c9tienne.<\/p>\n\n\n\n<p>Dans notre groupe, des personnes \u00e9taient \u00e0 la rue, d\u2019autres avaient connu d\u2019autres gal\u00e8res.<\/p>\n\n\n\n<p>Nous partagions autour d\u2019un texte d\u2019\u00e9vangile et priions ensemble.<\/p>\n\n\n\n<h2 class=\"wp-block-heading\">1986<\/h2>\n\n\n\n<p>Premier changement de lieu.<\/p>\n\n\n\n<p>Nous sommes all\u00e9s 7, rue St Yves dans un local mis \u00e0 disposition par la paroisse de la Cath\u00e9drale. L\u00e0 se trouvait une mezzanine que nous avons am\u00e9nag\u00e9e en petit oratoire.<\/p>\n\n\n\n<p>C\u2019est l\u00e0 qu\u2019avaient lieu les temps de pri\u00e8re. Nous \u00e9coutions l\u2019\u00e9vangile du dimanche, priions et chantions ensemble. C\u2019\u00e9tait impressionnant de voir Philippe venir prier avec nous. Il vivait dans un trou des remparts aux portes Mordelaises. Il est d\u00e9c\u00e9d\u00e9 \u00e0 29 ans&nbsp;!!!<\/p>\n\n\n\n<h2 class=\"wp-block-heading\">1994<\/h2>\n\n\n\n<p>Nous avons rejoint le 6 rue de l\u2019H\u00f4tel Dieu. Avec des personnes qui avaient v\u00e9cu \u00e0 la rue et qui avaient des comp\u00e9tences professionnelles, Michel et Bernard en particulier, nous avons r\u00e9nov\u00e9 une salle que nous avons transform\u00e9e en oratoire. Un entrepreneur nous a pr\u00eat\u00e9 et mont\u00e9 un \u00e9chafaudage roulant pour atteindre le plafond tr\u00e8s \u00e9lev\u00e9.<\/p>\n\n\n\n<p>Nous partagions ce lieu avec une aum\u00f4nerie du coll\u00e8ge voisin.<\/p>\n\n\n\n<p>La communaut\u00e9 a grandi&nbsp;: des eucharisties sont c\u00e9l\u00e9br\u00e9es certains dimanches et les autres dimanches, ce sont des c\u00e9l\u00e9brations de la Parole.<\/p>\n\n\n\n<p>A la fin des ann\u00e9es 90, \u00e0 l\u2019initiative de Jean-Michel et St\u00e9phane, nous avons commenc\u00e9 \u00e0 faire une marche&nbsp; p\u00e8lerinage le 3<sup>\u00e8me<\/sup> dimanche de septembre. Les grandes f\u00eates&nbsp; liturgiques sont marqu\u00e9es particuli\u00e8rement, Toussaint, No\u00ebl, P\u00e2ques, Pentec\u00f4te.<\/p>\n\n\n\n<p>Des membres de la Communaut\u00e9 se sont pr\u00e9par\u00e9s au bapt\u00eame, ou \u00e0 la 1<sup>\u00e8re<\/sup> des communions et \u00e0 la confirmation.<\/p>\n\n\n\n<p>Source Vive a vocation \u00e0 une certaine itin\u00e9rance. Par exemple le Vendredi Saint, nous nous rendons dans d\u2019autres communaut\u00e9s o\u00f9 nous apportons une contribution active \u00e0 la c\u00e9l\u00e9bration.<\/p>\n\n\n\n<p>Des membres de la communaut\u00e9 vont aussi apporter leur t\u00e9moignage de vie et de foi dans des groupes qui en font la demande. Un documentaire vid\u00e9o apporte un appui \u00e0 leur intervention.<\/p>\n\n\n\n<h2 class=\"wp-block-heading\">Mars 2023<\/h2>\n\n\n\n<p>Nous changeons d&rsquo;adresse, au 28 rue Charles Laurent \u00e0 Rennes, pr\u00e8s de l&rsquo;\u00e9glise Saint Martin.<\/p>\n\n\n\n<h2 class=\"wp-block-heading\">Aujourd&rsquo;hui<\/h2>\n\n\n\n<p>La Communaut\u00e9 Source Vive souhaite approfondir sa mission d\u2019accueil de celles et ceux qui, vivant ou ayant v\u00e9cu dans la gal\u00e8re, s\u2019ouvrent \u00e0 une recherche spirituelle.<\/p>\n\n\n\n<p>Elle continue aussi \u00e0 \u00eatre disponible pour partager avec des groupes et communaut\u00e9s qui le souhaitent.<\/p>\n","protected":false},"excerpt":{"rendered":"<p>Les origines Source vive a ses origines en 1982. Yvon \u00e9tait \u00e0 la rue et nous avait demand\u00e9 pour prier&nbsp;<\/p>\n","protected":false},"author":1,"featured_media":0,"parent":0,"menu_order":0,"comment_status":"closed","ping_status":"closed","template":"","meta":{"_monsterinsights_skip_tracking":false,"_monsterinsights_sitenote_active":false,"_monsterinsights_sitenote_note":"","_monsterinsights_sitenote_category":0,"ngg_post_thumbnail":0,"footnotes":""},"class_list":["post-232","page","type-page","status-publish","hentry","comments-off"],"yoast_head":"<!-- This site is optimized with the Yoast SEO plugin v27.5 - https:\/\/yoast.com\/product\/yoast-seo-wordpress\/ -->\n<title>Source vive - Le 6 Espace Rencontre et Initiatives<\/title>\n<meta name=\"robots\" content=\"index, follow, max-snippet:-1, max-image-preview:large, max-video-preview:-1\" \/>\n<link rel=\"canonical\" href=\"https:\/\/le-6-espace-rencontre-et-initiatives.fr\/index.php\/source-vive\/\" \/>\n<meta property=\"og:locale\" content=\"fr_FR\" \/>\n<meta property=\"og:type\" content=\"article\" \/>\n<meta property=\"og:title\" content=\"Source vive - Le 6 Espace Rencontre et Initiatives\" \/>\n<meta property=\"og:description\" content=\"Les origines Source vive a ses origines en 1982. Yvon \u00e9tait \u00e0 la rue et nous avait demand\u00e9 pour prier&nbsp;\" \/>\n<meta property=\"og:url\" content=\"https:\/\/le-6-espace-rencontre-et-initiatives.fr\/index.php\/source-vive\/\" \/>\n<meta property=\"og:site_name\" content=\"Le 6 Espace Rencontre et Initiatives\" \/>\n<meta property=\"article:publisher\" content=\"https:\/\/www.facebook.com\/espacerencontrele6rennes\" \/>\n<meta property=\"article:modified_time\" content=\"2023-03-28T18:49:03+00:00\" \/>\n<meta property=\"og:image\" content=\"https:\/\/le-6-espace-rencontre-et-initiatives.fr\/wp-content\/uploads\/2021\/03\/Source-Vive-bandeau-1024x411.jpg\" \/>\n<meta name=\"twitter:card\" content=\"summary_large_image\" \/>\n<meta name=\"twitter:label1\" content=\"Dur\u00e9e de lecture estim\u00e9e\" \/>\n\t<meta name=\"twitter:data1\" content=\"3 minutes\" \/>\n<script type=\"application\/ld+json\" class=\"yoast-schema-graph\">{\"@context\":\"https:\\\/\\\/schema.org\",\"@graph\":[{\"@type\":\"WebPage\",\"@id\":\"https:\\\/\\\/le-6-espace-rencontre-et-initiatives.fr\\\/index.php\\\/source-vive\\\/\",\"url\":\"https:\\\/\\\/le-6-espace-rencontre-et-initiatives.fr\\\/index.php\\\/source-vive\\\/\",\"name\":\"Source vive - Le 6 Espace Rencontre et Initiatives\",\"isPartOf\":{\"@id\":\"https:\\\/\\\/le-6-espace-rencontre-et-initiatives.fr\\\/#website\"},\"primaryImageOfPage\":{\"@id\":\"https:\\\/\\\/le-6-espace-rencontre-et-initiatives.fr\\\/index.php\\\/source-vive\\\/#primaryimage\"},\"image\":{\"@id\":\"https:\\\/\\\/le-6-espace-rencontre-et-initiatives.fr\\\/index.php\\\/source-vive\\\/#primaryimage\"},\"thumbnailUrl\":\"https:\\\/\\\/le-6-espace-rencontre-et-initiatives.fr\\\/wp-content\\\/uploads\\\/2021\\\/03\\\/Source-Vive-bandeau-1024x411.jpg\",\"datePublished\":\"2021-03-09T16:31:50+00:00\",\"dateModified\":\"2023-03-28T18:49:03+00:00\",\"breadcrumb\":{\"@id\":\"https:\\\/\\\/le-6-espace-rencontre-et-initiatives.fr\\\/index.php\\\/source-vive\\\/#breadcrumb\"},\"inLanguage\":\"fr-FR\",\"potentialAction\":[{\"@type\":\"ReadAction\",\"target\":[\"https:\\\/\\\/le-6-espace-rencontre-et-initiatives.fr\\\/index.php\\\/source-vive\\\/\"]}]},{\"@type\":\"ImageObject\",\"inLanguage\":\"fr-FR\",\"@id\":\"https:\\\/\\\/le-6-espace-rencontre-et-initiatives.fr\\\/index.php\\\/source-vive\\\/#primaryimage\",\"url\":\"https:\\\/\\\/le-6-espace-rencontre-et-initiatives.fr\\\/wp-content\\\/uploads\\\/2021\\\/03\\\/Source-Vive-bandeau.jpg\",\"contentUrl\":\"https:\\\/\\\/le-6-espace-rencontre-et-initiatives.fr\\\/wp-content\\\/uploads\\\/2021\\\/03\\\/Source-Vive-bandeau.jpg\",\"width\":1530,\"height\":614},{\"@type\":\"BreadcrumbList\",\"@id\":\"https:\\\/\\\/le-6-espace-rencontre-et-initiatives.fr\\\/index.php\\\/source-vive\\\/#breadcrumb\",\"itemListElement\":[{\"@type\":\"ListItem\",\"position\":1,\"name\":\"Accueil\",\"item\":\"https:\\\/\\\/le-6-espace-rencontre-et-initiatives.fr\\\/\"},{\"@type\":\"ListItem\",\"position\":2,\"name\":\"Source vive\"}]},{\"@type\":\"WebSite\",\"@id\":\"https:\\\/\\\/le-6-espace-rencontre-et-initiatives.fr\\\/#website\",\"url\":\"https:\\\/\\\/le-6-espace-rencontre-et-initiatives.fr\\\/\",\"name\":\"Le 6 Espace Rencontre et Initiatives\",\"description\":\"Ce site pr\u00e9sente une vue d&#039;ensemble de l&#039;histoire et des actions du &quot;6&quot; \u00e0 Rennes\",\"publisher\":{\"@id\":\"https:\\\/\\\/le-6-espace-rencontre-et-initiatives.fr\\\/#organization\"},\"potentialAction\":[{\"@type\":\"SearchAction\",\"target\":{\"@type\":\"EntryPoint\",\"urlTemplate\":\"https:\\\/\\\/le-6-espace-rencontre-et-initiatives.fr\\\/?s={search_term_string}\"},\"query-input\":{\"@type\":\"PropertyValueSpecification\",\"valueRequired\":true,\"valueName\":\"search_term_string\"}}],\"inLanguage\":\"fr-FR\"},{\"@type\":\"Organization\",\"@id\":\"https:\\\/\\\/le-6-espace-rencontre-et-initiatives.fr\\\/#organization\",\"name\":\"Les collectifs du 6\",\"url\":\"https:\\\/\\\/le-6-espace-rencontre-et-initiatives.fr\\\/\",\"logo\":{\"@type\":\"ImageObject\",\"inLanguage\":\"fr-FR\",\"@id\":\"https:\\\/\\\/le-6-espace-rencontre-et-initiatives.fr\\\/#\\\/schema\\\/logo\\\/image\\\/\",\"url\":\"https:\\\/\\\/le-6-espace-rencontre-et-initiatives.fr\\\/wp-content\\\/uploads\\\/2021\\\/01\\\/Logo-Collectifs-du-6.png\",\"contentUrl\":\"https:\\\/\\\/le-6-espace-rencontre-et-initiatives.fr\\\/wp-content\\\/uploads\\\/2021\\\/01\\\/Logo-Collectifs-du-6.png\",\"width\":336,\"height\":342,\"caption\":\"Les collectifs du 6\"},\"image\":{\"@id\":\"https:\\\/\\\/le-6-espace-rencontre-et-initiatives.fr\\\/#\\\/schema\\\/logo\\\/image\\\/\"},\"sameAs\":[\"https:\\\/\\\/www.facebook.com\\\/espacerencontrele6rennes\"]}]}<\/script>\n<!-- \/ Yoast SEO plugin. -->","yoast_head_json":{"title":"Source vive - Le 6 Espace Rencontre et Initiatives","robots":{"index":"index","follow":"follow","max-snippet":"max-snippet:-1","max-image-preview":"max-image-preview:large","max-video-preview":"max-video-preview:-1"},"canonical":"https:\/\/le-6-espace-rencontre-et-initiatives.fr\/index.php\/source-vive\/","og_locale":"fr_FR","og_type":"article","og_title":"Source vive - Le 6 Espace Rencontre et Initiatives","og_description":"Les origines Source vive a ses origines en 1982. Yvon \u00e9tait \u00e0 la rue et nous avait demand\u00e9 pour prier&nbsp;","og_url":"https:\/\/le-6-espace-rencontre-et-initiatives.fr\/index.php\/source-vive\/","og_site_name":"Le 6 Espace Rencontre et Initiatives","article_publisher":"https:\/\/www.facebook.com\/espacerencontrele6rennes","article_modified_time":"2023-03-28T18:49:03+00:00","og_image":[{"url":"https:\/\/le-6-espace-rencontre-et-initiatives.fr\/wp-content\/uploads\/2021\/03\/Source-Vive-bandeau-1024x411.jpg","type":"","width":"","height":""}],"twitter_card":"summary_large_image","twitter_misc":{"Dur\u00e9e de lecture estim\u00e9e":"3 minutes"},"schema":{"@context":"https:\/\/schema.org","@graph":[{"@type":"WebPage","@id":"https:\/\/le-6-espace-rencontre-et-initiatives.fr\/index.php\/source-vive\/","url":"https:\/\/le-6-espace-rencontre-et-initiatives.fr\/index.php\/source-vive\/","name":"Source vive - Le 6 Espace Rencontre et Initiatives","isPartOf":{"@id":"https:\/\/le-6-espace-rencontre-et-initiatives.fr\/#website"},"primaryImageOfPage":{"@id":"https:\/\/le-6-espace-rencontre-et-initiatives.fr\/index.php\/source-vive\/#primaryimage"},"image":{"@id":"https:\/\/le-6-espace-rencontre-et-initiatives.fr\/index.php\/source-vive\/#primaryimage"},"thumbnailUrl":"https:\/\/le-6-espace-rencontre-et-initiatives.fr\/wp-content\/uploads\/2021\/03\/Source-Vive-bandeau-1024x411.jpg","datePublished":"2021-03-09T16:31:50+00:00","dateModified":"2023-03-28T18:49:03+00:00","breadcrumb":{"@id":"https:\/\/le-6-espace-rencontre-et-initiatives.fr\/index.php\/source-vive\/#breadcrumb"},"inLanguage":"fr-FR","potentialAction":[{"@type":"ReadAction","target":["https:\/\/le-6-espace-rencontre-et-initiatives.fr\/index.php\/source-vive\/"]}]},{"@type":"ImageObject","inLanguage":"fr-FR","@id":"https:\/\/le-6-espace-rencontre-et-initiatives.fr\/index.php\/source-vive\/#primaryimage","url":"https:\/\/le-6-espace-rencontre-et-initiatives.fr\/wp-content\/uploads\/2021\/03\/Source-Vive-bandeau.jpg","contentUrl":"https:\/\/le-6-espace-rencontre-et-initiatives.fr\/wp-content\/uploads\/2021\/03\/Source-Vive-bandeau.jpg","width":1530,"height":614},{"@type":"BreadcrumbList","@id":"https:\/\/le-6-espace-rencontre-et-initiatives.fr\/index.php\/source-vive\/#breadcrumb","itemListElement":[{"@type":"ListItem","position":1,"name":"Accueil","item":"https:\/\/le-6-espace-rencontre-et-initiatives.fr\/"},{"@type":"ListItem","position":2,"name":"Source vive"}]},{"@type":"WebSite","@id":"https:\/\/le-6-espace-rencontre-et-initiatives.fr\/#website","url":"https:\/\/le-6-espace-rencontre-et-initiatives.fr\/","name":"Le 6 Espace Rencontre et Initiatives","description":"Ce site pr\u00e9sente une vue d&#039;ensemble de l&#039;histoire et des actions du &quot;6&quot; \u00e0 Rennes","publisher":{"@id":"https:\/\/le-6-espace-rencontre-et-initiatives.fr\/#organization"},"potentialAction":[{"@type":"SearchAction","target":{"@type":"EntryPoint","urlTemplate":"https:\/\/le-6-espace-rencontre-et-initiatives.fr\/?s={search_term_string}"},"query-input":{"@type":"PropertyValueSpecification","valueRequired":true,"valueName":"search_term_string"}}],"inLanguage":"fr-FR"},{"@type":"Organization","@id":"https:\/\/le-6-espace-rencontre-et-initiatives.fr\/#organization","name":"Les collectifs du 6","url":"https:\/\/le-6-espace-rencontre-et-initiatives.fr\/","logo":{"@type":"ImageObject","inLanguage":"fr-FR","@id":"https:\/\/le-6-espace-rencontre-et-initiatives.fr\/#\/schema\/logo\/image\/","url":"https:\/\/le-6-espace-rencontre-et-initiatives.fr\/wp-content\/uploads\/2021\/01\/Logo-Collectifs-du-6.png","contentUrl":"https:\/\/le-6-espace-rencontre-et-initiatives.fr\/wp-content\/uploads\/2021\/01\/Logo-Collectifs-du-6.png","width":336,"height":342,"caption":"Les collectifs du 6"},"image":{"@id":"https:\/\/le-6-espace-rencontre-et-initiatives.fr\/#\/schema\/logo\/image\/"},"sameAs":["https:\/\/www.facebook.com\/espacerencontrele6rennes"]}]}},"_links":{"self":[{"href":"https:\/\/le-6-espace-rencontre-et-initiatives.fr\/index.php\/wp-json\/wp\/v2\/pages\/232","targetHints":{"allow":["GET"]}}],"collection":[{"href":"https:\/\/le-6-espace-rencontre-et-initiatives.fr\/index.php\/wp-json\/wp\/v2\/pages"}],"about":[{"href":"https:\/\/le-6-espace-rencontre-et-initiatives.fr\/index.php\/wp-json\/wp\/v2\/types\/page"}],"author":[{"embeddable":true,"href":"https:\/\/le-6-espace-rencontre-et-initiatives.fr\/index.php\/wp-json\/wp\/v2\/users\/1"}],"replies":[{"embeddable":true,"href":"https:\/\/le-6-espace-rencontre-et-initiatives.fr\/index.php\/wp-json\/wp\/v2\/comments?post=232"}],"version-history":[{"count":0,"href":"https:\/\/le-6-espace-rencontre-et-initiatives.fr\/index.php\/wp-json\/wp\/v2\/pages\/232\/revisions"}],"wp:attachment":[{"href":"https:\/\/le-6-espace-rencontre-et-initiatives.fr\/index.php\/wp-json\/wp\/v2\/media?parent=232"}],"curies":[{"name":"wp","href":"https:\/\/api.w.org\/{rel}","templated":true}]}}