{"id":16,"date":"2021-01-26T21:57:36","date_gmt":"2021-01-26T20:57:36","guid":{"rendered":"https:\/\/le-6-espace-rencontre-et-initiatives.fr\/?page_id=16"},"modified":"2021-05-28T20:51:56","modified_gmt":"2021-05-28T18:51:56","slug":"le-collectif-dignite-cimetiere","status":"publish","type":"page","link":"https:\/\/le-6-espace-rencontre-et-initiatives.fr\/index.php\/le-collectif-dignite-cimetiere\/","title":{"rendered":"Histoire du collectif Dignit\u00e9 Cimeti\u00e8re"},"content":{"rendered":"\n<div class=\"wp-block-image\"><figure class=\"aligncenter size-large is-resized\"><img loading=\"lazy\" decoding=\"async\" src=\"https:\/\/le-6-espace-rencontre-et-initiatives.fr\/wp-content\/uploads\/2021\/02\/Fleur-de-vie-1-1024x683.jpg\" alt=\"\" class=\"wp-image-184\" width=\"514\" height=\"342\" srcset=\"https:\/\/le-6-espace-rencontre-et-initiatives.fr\/wp-content\/uploads\/2021\/02\/Fleur-de-vie-1-1024x683.jpg 1024w, https:\/\/le-6-espace-rencontre-et-initiatives.fr\/wp-content\/uploads\/2021\/02\/Fleur-de-vie-1-300x200.jpg 300w, https:\/\/le-6-espace-rencontre-et-initiatives.fr\/wp-content\/uploads\/2021\/02\/Fleur-de-vie-1-768x512.jpg 768w, https:\/\/le-6-espace-rencontre-et-initiatives.fr\/wp-content\/uploads\/2021\/02\/Fleur-de-vie-1-405x270.jpg 405w, https:\/\/le-6-espace-rencontre-et-initiatives.fr\/wp-content\/uploads\/2021\/02\/Fleur-de-vie-1.jpg 1536w\" sizes=\"auto, (max-width: 514px) 100vw, 514px\" \/><\/figure><\/div>\n\n\n\n<p>Quatre \u00e9tapes principales marquent l\u2019historique du Collectif Dignit\u00e9 Cimeti\u00e8re.<\/p>\n\n\n\n<h2 class=\"wp-block-heading\">1988 \u2013 1989&nbsp;: Les premi\u00e8res actions collectives avant la cr\u00e9ation du Collectif.<\/h2>\n\n\n\n<p>A&nbsp; l\u2019origine de ces actions, la r\u00e9volte de Jean-Marie, r\u00e9sident au foyer St Benoit Labre.<\/p>\n\n\n\n<p>Daniel, un copain de Jean-Marie, est trouv\u00e9 mort dans une cave. Jean-Marie est appel\u00e9 pour reconnaitre le corps. Il revient en col\u00e8re&nbsp;: \u00ab\u00a0Daniel va \u00eatre enterr\u00e9 avec ses affaires toutes pourries\u00a0\u00bb.<\/p>\n\n\n\n<p>Une action d\u00e9marre pr\u00e8s de l\u2019Eglise pour les obs\u00e8ques religieuses, pr\u00e8s des pompes fun\u00e8bres, et pr\u00e8s de la Ville, pour am\u00e9liorer les obs\u00e8ques, l\u2019am\u00e9nagement des tombes et demander la toilette mortuaire.<\/p>\n\n\n\n<h2 class=\"wp-block-heading\">1998-2002&nbsp;: Am\u00e9nagement des s\u00e9pultures individuelles<\/h2>\n\n\n\n<p>Une enqu\u00eate pr\u00e8s de 100 personnes \u00e0 la rue ou ayant v\u00e9cu la rue pour \u00e9couter leurs avis et leurs souhaits concernant les obs\u00e8ques et les s\u00e9pultures. Il en ressortait des cris de col\u00e8re&nbsp;!<\/p>\n\n\n\n<p>25 personnes participent au d\u00e9pouillement et donnent naissance au Collectif Dignit\u00e9 Cimeti\u00e8re avec le soutien de la CLCV.<\/p>\n\n\n\n<h2 class=\"wp-block-heading\">2003-2008&nbsp;: Humanisation de la s\u00e9pulture commune (ossuaire)<\/h2>\n\n\n\n<p>La s\u00e9pulture commune (ossuaire) \u00e9tait vue comme un simple \u00ab\u00a0d\u00e9p\u00f4t technique\u00a0\u00bb par la ville de Rennes, comme dans les autres villes.<br>C\u2019\u00e9tait un lieu abandonn\u00e9, avec des plaques de ciment et des boucles de fer rouill\u00e9es.<\/p>\n\n\n\n<p>Apr\u00e8s l\u2019am\u00e9nagement des s\u00e9pultures individuelles, nous ne pouvions pas accepter que les restes mortels de nos camarades aillent dans ce lieu aussi indigne et aussi abandonn\u00e9. Le collectif a voulu en faire un lieu de recueillement universel.<\/p>\n\n\n\n<p><strong><a href=\"\/wp-content\/uploads\/2021\/01\/HISTORIQUE-DU-COLLECTIF-DIGNITE-CIMETIERE.pdf\" target=\"_blank\" rel=\"noreferrer noopener\">D\u00e9couvrez l&rsquo;int\u00e9gralit\u00e9 de l&rsquo;historique du collectif Dignit\u00e9 Cimeti\u00e8re en cliquant sur ce lien &gt;&gt;<\/a><\/strong><\/p>\n","protected":false},"excerpt":{"rendered":"<p>Quatre \u00e9tapes principales marquent l\u2019historique du Collectif Dignit\u00e9 Cimeti\u00e8re. 1988 \u2013 1989&nbsp;: Les premi\u00e8res actions collectives avant la cr\u00e9ation du<\/p>\n","protected":false},"author":1,"featured_media":0,"parent":0,"menu_order":0,"comment_status":"closed","ping_status":"closed","template":"","meta":{"_monsterinsights_skip_tracking":false,"_monsterinsights_sitenote_active":false,"_monsterinsights_sitenote_note":"","_monsterinsights_sitenote_category":0,"ngg_post_thumbnail":0,"footnotes":""},"class_list":["post-16","page","type-page","status-publish","hentry","comments-off"],"yoast_head":"<!-- This site is optimized with the Yoast SEO plugin v27.5 - https:\/\/yoast.com\/product\/yoast-seo-wordpress\/ -->\n<title>Histoire du collectif Dignit\u00e9 Cimeti\u00e8re - Le 6 Espace Rencontre et Initiatives<\/title>\n<meta name=\"robots\" content=\"index, follow, max-snippet:-1, max-image-preview:large, max-video-preview:-1\" \/>\n<link rel=\"canonical\" href=\"https:\/\/le-6-espace-rencontre-et-initiatives.fr\/index.php\/le-collectif-dignite-cimetiere\/\" \/>\n<meta property=\"og:locale\" content=\"fr_FR\" \/>\n<meta property=\"og:type\" content=\"article\" \/>\n<meta property=\"og:title\" content=\"Histoire du collectif Dignit\u00e9 Cimeti\u00e8re - Le 6 Espace Rencontre et Initiatives\" \/>\n<meta property=\"og:description\" content=\"Quatre \u00e9tapes principales marquent l\u2019historique du Collectif Dignit\u00e9 Cimeti\u00e8re. 1988 \u2013 1989&nbsp;: Les premi\u00e8res actions collectives avant la cr\u00e9ation du\" \/>\n<meta property=\"og:url\" content=\"https:\/\/le-6-espace-rencontre-et-initiatives.fr\/index.php\/le-collectif-dignite-cimetiere\/\" \/>\n<meta property=\"og:site_name\" content=\"Le 6 Espace Rencontre et Initiatives\" \/>\n<meta property=\"article:publisher\" content=\"https:\/\/www.facebook.com\/espacerencontrele6rennes\" \/>\n<meta property=\"article:modified_time\" content=\"2021-05-28T18:51:56+00:00\" \/>\n<meta property=\"og:image\" content=\"https:\/\/le-6-espace-rencontre-et-initiatives.fr\/wp-content\/uploads\/2021\/02\/Fleur-de-vie-1-1024x683.jpg\" \/>\n<meta name=\"twitter:card\" content=\"summary_large_image\" \/>\n<meta name=\"twitter:label1\" content=\"Dur\u00e9e de lecture estim\u00e9e\" \/>\n\t<meta name=\"twitter:data1\" content=\"2 minutes\" \/>\n<script type=\"application\/ld+json\" class=\"yoast-schema-graph\">{\"@context\":\"https:\\\/\\\/schema.org\",\"@graph\":[{\"@type\":\"WebPage\",\"@id\":\"https:\\\/\\\/le-6-espace-rencontre-et-initiatives.fr\\\/index.php\\\/le-collectif-dignite-cimetiere\\\/\",\"url\":\"https:\\\/\\\/le-6-espace-rencontre-et-initiatives.fr\\\/index.php\\\/le-collectif-dignite-cimetiere\\\/\",\"name\":\"Histoire du collectif Dignit\u00e9 Cimeti\u00e8re - Le 6 Espace Rencontre et Initiatives\",\"isPartOf\":{\"@id\":\"https:\\\/\\\/le-6-espace-rencontre-et-initiatives.fr\\\/#website\"},\"primaryImageOfPage\":{\"@id\":\"https:\\\/\\\/le-6-espace-rencontre-et-initiatives.fr\\\/index.php\\\/le-collectif-dignite-cimetiere\\\/#primaryimage\"},\"image\":{\"@id\":\"https:\\\/\\\/le-6-espace-rencontre-et-initiatives.fr\\\/index.php\\\/le-collectif-dignite-cimetiere\\\/#primaryimage\"},\"thumbnailUrl\":\"https:\\\/\\\/le-6-espace-rencontre-et-initiatives.fr\\\/wp-content\\\/uploads\\\/2021\\\/02\\\/Fleur-de-vie-1-1024x683.jpg\",\"datePublished\":\"2021-01-26T20:57:36+00:00\",\"dateModified\":\"2021-05-28T18:51:56+00:00\",\"breadcrumb\":{\"@id\":\"https:\\\/\\\/le-6-espace-rencontre-et-initiatives.fr\\\/index.php\\\/le-collectif-dignite-cimetiere\\\/#breadcrumb\"},\"inLanguage\":\"fr-FR\",\"potentialAction\":[{\"@type\":\"ReadAction\",\"target\":[\"https:\\\/\\\/le-6-espace-rencontre-et-initiatives.fr\\\/index.php\\\/le-collectif-dignite-cimetiere\\\/\"]}]},{\"@type\":\"ImageObject\",\"inLanguage\":\"fr-FR\",\"@id\":\"https:\\\/\\\/le-6-espace-rencontre-et-initiatives.fr\\\/index.php\\\/le-collectif-dignite-cimetiere\\\/#primaryimage\",\"url\":\"https:\\\/\\\/le-6-espace-rencontre-et-initiatives.fr\\\/wp-content\\\/uploads\\\/2021\\\/02\\\/Fleur-de-vie-1.jpg\",\"contentUrl\":\"https:\\\/\\\/le-6-espace-rencontre-et-initiatives.fr\\\/wp-content\\\/uploads\\\/2021\\\/02\\\/Fleur-de-vie-1.jpg\",\"width\":1536,\"height\":1024},{\"@type\":\"BreadcrumbList\",\"@id\":\"https:\\\/\\\/le-6-espace-rencontre-et-initiatives.fr\\\/index.php\\\/le-collectif-dignite-cimetiere\\\/#breadcrumb\",\"itemListElement\":[{\"@type\":\"ListItem\",\"position\":1,\"name\":\"Accueil\",\"item\":\"https:\\\/\\\/le-6-espace-rencontre-et-initiatives.fr\\\/\"},{\"@type\":\"ListItem\",\"position\":2,\"name\":\"Histoire du collectif Dignit\u00e9 Cimeti\u00e8re\"}]},{\"@type\":\"WebSite\",\"@id\":\"https:\\\/\\\/le-6-espace-rencontre-et-initiatives.fr\\\/#website\",\"url\":\"https:\\\/\\\/le-6-espace-rencontre-et-initiatives.fr\\\/\",\"name\":\"Le 6 Espace Rencontre et Initiatives\",\"description\":\"Ce site pr\u00e9sente une vue d&#039;ensemble de l&#039;histoire et des actions du &quot;6&quot; \u00e0 Rennes\",\"publisher\":{\"@id\":\"https:\\\/\\\/le-6-espace-rencontre-et-initiatives.fr\\\/#organization\"},\"potentialAction\":[{\"@type\":\"SearchAction\",\"target\":{\"@type\":\"EntryPoint\",\"urlTemplate\":\"https:\\\/\\\/le-6-espace-rencontre-et-initiatives.fr\\\/?s={search_term_string}\"},\"query-input\":{\"@type\":\"PropertyValueSpecification\",\"valueRequired\":true,\"valueName\":\"search_term_string\"}}],\"inLanguage\":\"fr-FR\"},{\"@type\":\"Organization\",\"@id\":\"https:\\\/\\\/le-6-espace-rencontre-et-initiatives.fr\\\/#organization\",\"name\":\"Les collectifs du 6\",\"url\":\"https:\\\/\\\/le-6-espace-rencontre-et-initiatives.fr\\\/\",\"logo\":{\"@type\":\"ImageObject\",\"inLanguage\":\"fr-FR\",\"@id\":\"https:\\\/\\\/le-6-espace-rencontre-et-initiatives.fr\\\/#\\\/schema\\\/logo\\\/image\\\/\",\"url\":\"https:\\\/\\\/le-6-espace-rencontre-et-initiatives.fr\\\/wp-content\\\/uploads\\\/2021\\\/01\\\/Logo-Collectifs-du-6.png\",\"contentUrl\":\"https:\\\/\\\/le-6-espace-rencontre-et-initiatives.fr\\\/wp-content\\\/uploads\\\/2021\\\/01\\\/Logo-Collectifs-du-6.png\",\"width\":336,\"height\":342,\"caption\":\"Les collectifs du 6\"},\"image\":{\"@id\":\"https:\\\/\\\/le-6-espace-rencontre-et-initiatives.fr\\\/#\\\/schema\\\/logo\\\/image\\\/\"},\"sameAs\":[\"https:\\\/\\\/www.facebook.com\\\/espacerencontrele6rennes\"]}]}<\/script>\n<!-- \/ Yoast SEO plugin. -->","yoast_head_json":{"title":"Histoire du collectif Dignit\u00e9 Cimeti\u00e8re - Le 6 Espace Rencontre et Initiatives","robots":{"index":"index","follow":"follow","max-snippet":"max-snippet:-1","max-image-preview":"max-image-preview:large","max-video-preview":"max-video-preview:-1"},"canonical":"https:\/\/le-6-espace-rencontre-et-initiatives.fr\/index.php\/le-collectif-dignite-cimetiere\/","og_locale":"fr_FR","og_type":"article","og_title":"Histoire du collectif Dignit\u00e9 Cimeti\u00e8re - Le 6 Espace Rencontre et Initiatives","og_description":"Quatre \u00e9tapes principales marquent l\u2019historique du Collectif Dignit\u00e9 Cimeti\u00e8re. 1988 \u2013 1989&nbsp;: Les premi\u00e8res actions collectives avant la cr\u00e9ation du","og_url":"https:\/\/le-6-espace-rencontre-et-initiatives.fr\/index.php\/le-collectif-dignite-cimetiere\/","og_site_name":"Le 6 Espace Rencontre et Initiatives","article_publisher":"https:\/\/www.facebook.com\/espacerencontrele6rennes","article_modified_time":"2021-05-28T18:51:56+00:00","og_image":[{"url":"https:\/\/le-6-espace-rencontre-et-initiatives.fr\/wp-content\/uploads\/2021\/02\/Fleur-de-vie-1-1024x683.jpg","type":"","width":"","height":""}],"twitter_card":"summary_large_image","twitter_misc":{"Dur\u00e9e de lecture estim\u00e9e":"2 minutes"},"schema":{"@context":"https:\/\/schema.org","@graph":[{"@type":"WebPage","@id":"https:\/\/le-6-espace-rencontre-et-initiatives.fr\/index.php\/le-collectif-dignite-cimetiere\/","url":"https:\/\/le-6-espace-rencontre-et-initiatives.fr\/index.php\/le-collectif-dignite-cimetiere\/","name":"Histoire du collectif Dignit\u00e9 Cimeti\u00e8re - Le 6 Espace Rencontre et Initiatives","isPartOf":{"@id":"https:\/\/le-6-espace-rencontre-et-initiatives.fr\/#website"},"primaryImageOfPage":{"@id":"https:\/\/le-6-espace-rencontre-et-initiatives.fr\/index.php\/le-collectif-dignite-cimetiere\/#primaryimage"},"image":{"@id":"https:\/\/le-6-espace-rencontre-et-initiatives.fr\/index.php\/le-collectif-dignite-cimetiere\/#primaryimage"},"thumbnailUrl":"https:\/\/le-6-espace-rencontre-et-initiatives.fr\/wp-content\/uploads\/2021\/02\/Fleur-de-vie-1-1024x683.jpg","datePublished":"2021-01-26T20:57:36+00:00","dateModified":"2021-05-28T18:51:56+00:00","breadcrumb":{"@id":"https:\/\/le-6-espace-rencontre-et-initiatives.fr\/index.php\/le-collectif-dignite-cimetiere\/#breadcrumb"},"inLanguage":"fr-FR","potentialAction":[{"@type":"ReadAction","target":["https:\/\/le-6-espace-rencontre-et-initiatives.fr\/index.php\/le-collectif-dignite-cimetiere\/"]}]},{"@type":"ImageObject","inLanguage":"fr-FR","@id":"https:\/\/le-6-espace-rencontre-et-initiatives.fr\/index.php\/le-collectif-dignite-cimetiere\/#primaryimage","url":"https:\/\/le-6-espace-rencontre-et-initiatives.fr\/wp-content\/uploads\/2021\/02\/Fleur-de-vie-1.jpg","contentUrl":"https:\/\/le-6-espace-rencontre-et-initiatives.fr\/wp-content\/uploads\/2021\/02\/Fleur-de-vie-1.jpg","width":1536,"height":1024},{"@type":"BreadcrumbList","@id":"https:\/\/le-6-espace-rencontre-et-initiatives.fr\/index.php\/le-collectif-dignite-cimetiere\/#breadcrumb","itemListElement":[{"@type":"ListItem","position":1,"name":"Accueil","item":"https:\/\/le-6-espace-rencontre-et-initiatives.fr\/"},{"@type":"ListItem","position":2,"name":"Histoire du collectif Dignit\u00e9 Cimeti\u00e8re"}]},{"@type":"WebSite","@id":"https:\/\/le-6-espace-rencontre-et-initiatives.fr\/#website","url":"https:\/\/le-6-espace-rencontre-et-initiatives.fr\/","name":"Le 6 Espace Rencontre et Initiatives","description":"Ce site pr\u00e9sente une vue d&#039;ensemble de l&#039;histoire et des actions du &quot;6&quot; \u00e0 Rennes","publisher":{"@id":"https:\/\/le-6-espace-rencontre-et-initiatives.fr\/#organization"},"potentialAction":[{"@type":"SearchAction","target":{"@type":"EntryPoint","urlTemplate":"https:\/\/le-6-espace-rencontre-et-initiatives.fr\/?s={search_term_string}"},"query-input":{"@type":"PropertyValueSpecification","valueRequired":true,"valueName":"search_term_string"}}],"inLanguage":"fr-FR"},{"@type":"Organization","@id":"https:\/\/le-6-espace-rencontre-et-initiatives.fr\/#organization","name":"Les collectifs du 6","url":"https:\/\/le-6-espace-rencontre-et-initiatives.fr\/","logo":{"@type":"ImageObject","inLanguage":"fr-FR","@id":"https:\/\/le-6-espace-rencontre-et-initiatives.fr\/#\/schema\/logo\/image\/","url":"https:\/\/le-6-espace-rencontre-et-initiatives.fr\/wp-content\/uploads\/2021\/01\/Logo-Collectifs-du-6.png","contentUrl":"https:\/\/le-6-espace-rencontre-et-initiatives.fr\/wp-content\/uploads\/2021\/01\/Logo-Collectifs-du-6.png","width":336,"height":342,"caption":"Les collectifs du 6"},"image":{"@id":"https:\/\/le-6-espace-rencontre-et-initiatives.fr\/#\/schema\/logo\/image\/"},"sameAs":["https:\/\/www.facebook.com\/espacerencontrele6rennes"]}]}},"_links":{"self":[{"href":"https:\/\/le-6-espace-rencontre-et-initiatives.fr\/index.php\/wp-json\/wp\/v2\/pages\/16","targetHints":{"allow":["GET"]}}],"collection":[{"href":"https:\/\/le-6-espace-rencontre-et-initiatives.fr\/index.php\/wp-json\/wp\/v2\/pages"}],"about":[{"href":"https:\/\/le-6-espace-rencontre-et-initiatives.fr\/index.php\/wp-json\/wp\/v2\/types\/page"}],"author":[{"embeddable":true,"href":"https:\/\/le-6-espace-rencontre-et-initiatives.fr\/index.php\/wp-json\/wp\/v2\/users\/1"}],"replies":[{"embeddable":true,"href":"https:\/\/le-6-espace-rencontre-et-initiatives.fr\/index.php\/wp-json\/wp\/v2\/comments?post=16"}],"version-history":[{"count":0,"href":"https:\/\/le-6-espace-rencontre-et-initiatives.fr\/index.php\/wp-json\/wp\/v2\/pages\/16\/revisions"}],"wp:attachment":[{"href":"https:\/\/le-6-espace-rencontre-et-initiatives.fr\/index.php\/wp-json\/wp\/v2\/media?parent=16"}],"curies":[{"name":"wp","href":"https:\/\/api.w.org\/{rel}","templated":true}]}}